{"id":57,"date":"2020-04-25T08:53:14","date_gmt":"2020-04-25T08:53:14","guid":{"rendered":"https:\/\/www.riveiro1980.com\/?page_id=57"},"modified":"2020-04-25T20:14:21","modified_gmt":"2020-04-25T20:14:21","slug":"arreglo-de-barba","status":"publish","type":"page","link":"https:\/\/www.riveiro1980.com\/index.php\/arreglo-de-barba\/","title":{"rendered":"Arreglo de Barba"},"content":{"rendered":"\n<figure class=\"wp-block-image size-large is-resized is-style-rounded\"><img loading=\"lazy\" src=\"https:\/\/www.riveiro1980.com\/wp-content\/uploads\/2020\/04\/BARBA-1.png\" alt=\"\" class=\"wp-image-203\" width=\"348\" height=\"341\"\/><\/figure>\n\n\n\n<p>Es muy importante que si eres fan de las barbas largas, cuides de ella. Recomendamos recortarla una vez cada dos semanas. Con esto conseguir\u00e1s que tu barba crezca fuerte, sana, nutrida y frondosa. <\/p>\n\n\n\n<p>Lo mismo si eres de los que prefieren la barba m\u00e1s corta. Es importante la imagen que proyectamos en nuestro \u00e1mbito laboral por ejemplo. Las barbas m\u00e1s cortas recomendamos recortarlas y marcar los contornos una vez a la semana para llevarla siempre perfecta. <\/p>\n\n\n\n<p>Es un lujo y muy relajante todo el ritual que acompa\u00f1a al afeitado. <a href=\"https:\/\/www.riveiro1980.com\/index.php\/reserva-de-citas\/\" target=\"_blank\" rel=\"noreferrer noopener\">\u00bfTe animas a probarlo?<\/a> <\/p>\n\n\n\n<p><\/p>\n<!-- AddThis Advanced Settings generic via filter on the_content --><!-- AddThis Share Buttons generic via filter on the_content -->","protected":false},"excerpt":{"rendered":"<p>Es muy importante que si eres fan de las barbas largas, cuides de ella. Recomendamos recortarla una vez cada dos semanas. Con esto conseguir\u00e1s que tu barba crezca fuerte, sana, nutrida y frondosa. Lo mismo si eres de los que prefieren la barba m\u00e1s corta. Es importante la imagen que proyectamos en nuestro \u00e1mbito laboral &hellip; <\/p>\n<p class=\"link-more\"><a href=\"https:\/\/www.riveiro1980.com\/index.php\/arreglo-de-barba\/\" class=\"more-link\">Continuar leyendo<span class=\"screen-reader-text\"> \u00abArreglo de Barba\u00bb<\/span><\/a><\/p>\n<p><!-- AddThis Advanced Settings generic via filter on get_the_excerpt --><!-- AddThis Share Buttons generic via filter on get_the_excerpt --><\/p>\n","protected":false},"author":1,"featured_media":0,"parent":0,"menu_order":0,"comment_status":"closed","ping_status":"closed","template":"","meta":[],"yoast_head":"<!-- This site is optimized with the Yoast SEO plugin v15.9 - https:\/\/yoast.com\/wordpress\/plugins\/seo\/ -->\n<title>Arreglo de Barba - Riveiro 1980<\/title>\n<meta name=\"robots\" content=\"index, follow, max-snippet:-1, max-image-preview:large, max-video-preview:-1\" \/>\n<link rel=\"canonical\" href=\"https:\/\/www.riveiro1980.com\/index.php\/arreglo-de-barba\/\" \/>\n<meta property=\"og:locale\" content=\"es_ES\" \/>\n<meta property=\"og:type\" content=\"article\" \/>\n<meta property=\"og:title\" content=\"Arreglo de Barba - Riveiro 1980\" \/>\n<meta property=\"og:description\" content=\"Es muy importante que si eres fan de las barbas largas, cuides de ella. Recomendamos recortarla una vez cada dos semanas. Con esto conseguir\u00e1s que tu barba crezca fuerte, sana, nutrida y frondosa. Lo mismo si eres de los que prefieren la barba m\u00e1s corta. Es importante la imagen que proyectamos en nuestro \u00e1mbito laboral &hellip; Continuar leyendo &quot;Arreglo de Barba&quot;\" \/>\n<meta property=\"og:url\" content=\"https:\/\/www.riveiro1980.com\/index.php\/arreglo-de-barba\/\" \/>\n<meta property=\"og:site_name\" content=\"Riveiro 1980\" \/>\n<meta property=\"article:modified_time\" content=\"2020-04-25T20:14:21+00:00\" \/>\n<meta property=\"og:image\" content=\"https:\/\/www.riveiro1980.com\/wp-content\/uploads\/2020\/04\/BARBA-1.png\" \/>\n<meta name=\"twitter:card\" content=\"summary_large_image\" \/>\n<script type=\"application\/ld+json\" class=\"yoast-schema-graph\">{\"@context\":\"https:\/\/schema.org\",\"@graph\":[{\"@type\":[\"Person\",\"Organization\"],\"@id\":\"https:\/\/www.riveiro1980.com\/#\/schema\/person\/9790ca94c2d1b180395d23e735e6684c\",\"name\":\"admin\",\"image\":{\"@type\":\"ImageObject\",\"@id\":\"https:\/\/www.riveiro1980.com\/#personlogo\",\"inLanguage\":\"es\",\"url\":\"https:\/\/www.riveiro1980.com\/wp-content\/litespeed\/avatar\/fd07d3280eb24f6947597c07e58f52d7.jpg?ver=1777192546\",\"caption\":\"admin\"},\"logo\":{\"@id\":\"https:\/\/www.riveiro1980.com\/#personlogo\"},\"sameAs\":[\"https:\/\/www.riveiro1980.com\"]},{\"@type\":\"WebSite\",\"@id\":\"https:\/\/www.riveiro1980.com\/#website\",\"url\":\"https:\/\/www.riveiro1980.com\/\",\"name\":\"Riveiro1980\",\"description\":\"Peluquer&iacute;a y Barber&iacute;a\",\"publisher\":{\"@id\":\"https:\/\/www.riveiro1980.com\/#\/schema\/person\/9790ca94c2d1b180395d23e735e6684c\"},\"potentialAction\":[{\"@type\":\"SearchAction\",\"target\":\"https:\/\/www.riveiro1980.com\/?s={search_term_string}\",\"query-input\":\"required name=search_term_string\"}],\"inLanguage\":\"es\"},{\"@type\":\"ImageObject\",\"@id\":\"https:\/\/www.riveiro1980.com\/index.php\/arreglo-de-barba\/#primaryimage\",\"inLanguage\":\"es\",\"url\":\"https:\/\/www.riveiro1980.com\/wp-content\/uploads\/2020\/04\/BARBA-1.png\",\"width\":484,\"height\":513},{\"@type\":\"WebPage\",\"@id\":\"https:\/\/www.riveiro1980.com\/index.php\/arreglo-de-barba\/#webpage\",\"url\":\"https:\/\/www.riveiro1980.com\/index.php\/arreglo-de-barba\/\",\"name\":\"Arreglo de Barba - Riveiro 1980\",\"isPartOf\":{\"@id\":\"https:\/\/www.riveiro1980.com\/#website\"},\"primaryImageOfPage\":{\"@id\":\"https:\/\/www.riveiro1980.com\/index.php\/arreglo-de-barba\/#primaryimage\"},\"datePublished\":\"2020-04-25T08:53:14+00:00\",\"dateModified\":\"2020-04-25T20:14:21+00:00\",\"breadcrumb\":{\"@id\":\"https:\/\/www.riveiro1980.com\/index.php\/arreglo-de-barba\/#breadcrumb\"},\"inLanguage\":\"es\",\"potentialAction\":[{\"@type\":\"ReadAction\",\"target\":[\"https:\/\/www.riveiro1980.com\/index.php\/arreglo-de-barba\/\"]}]},{\"@type\":\"BreadcrumbList\",\"@id\":\"https:\/\/www.riveiro1980.com\/index.php\/arreglo-de-barba\/#breadcrumb\",\"itemListElement\":[{\"@type\":\"ListItem\",\"position\":1,\"item\":{\"@type\":\"WebPage\",\"@id\":\"https:\/\/www.riveiro1980.com\/\",\"url\":\"https:\/\/www.riveiro1980.com\/\",\"name\":\"Portada\"}},{\"@type\":\"ListItem\",\"position\":2,\"item\":{\"@type\":\"WebPage\",\"@id\":\"https:\/\/www.riveiro1980.com\/index.php\/arreglo-de-barba\/\",\"url\":\"https:\/\/www.riveiro1980.com\/index.php\/arreglo-de-barba\/\",\"name\":\"Arreglo de Barba\"}}]}]}<\/script>\n<!-- \/ Yoast SEO plugin. -->","_links":{"self":[{"href":"https:\/\/www.riveiro1980.com\/index.php\/wp-json\/wp\/v2\/pages\/57"}],"collection":[{"href":"https:\/\/www.riveiro1980.com\/index.php\/wp-json\/wp\/v2\/pages"}],"about":[{"href":"https:\/\/www.riveiro1980.com\/index.php\/wp-json\/wp\/v2\/types\/page"}],"author":[{"embeddable":true,"href":"https:\/\/www.riveiro1980.com\/index.php\/wp-json\/wp\/v2\/users\/1"}],"replies":[{"embeddable":true,"href":"https:\/\/www.riveiro1980.com\/index.php\/wp-json\/wp\/v2\/comments?post=57"}],"version-history":[{"count":2,"href":"https:\/\/www.riveiro1980.com\/index.php\/wp-json\/wp\/v2\/pages\/57\/revisions"}],"predecessor-version":[{"id":204,"href":"https:\/\/www.riveiro1980.com\/index.php\/wp-json\/wp\/v2\/pages\/57\/revisions\/204"}],"wp:attachment":[{"href":"https:\/\/www.riveiro1980.com\/index.php\/wp-json\/wp\/v2\/media?parent=57"}],"curies":[{"name":"wp","href":"https:\/\/api.w.org\/{rel}","templated":true}]}}